{"id":1920,"date":"2021-07-16T23:20:13","date_gmt":"2021-07-16T23:20:13","guid":{"rendered":"https:\/\/pemic.com.co\/?page_id=1920"},"modified":"2021-07-17T20:28:16","modified_gmt":"2021-07-17T20:28:16","slug":"blog","status":"publish","type":"page","link":"https:\/\/pemic.com.co\/?page_id=1920","title":{"rendered":"Blog"},"content":{"rendered":"\t\t<div data-elementor-type=\"wp-page\" data-elementor-id=\"1920\" class=\"elementor elementor-1920\">\n\t\t\t\t\t\t<section class=\"elementor-section elementor-top-section elementor-element elementor-element-4096e7f elementor-section-boxed elementor-section-height-default elementor-section-height-default\" data-id=\"4096e7f\" data-element_type=\"section\">\n\t\t\t\t\t\t<div class=\"elementor-container elementor-column-gap-default\">\n\t\t\t\t\t<div class=\"elementor-column elementor-col-100 elementor-top-column elementor-element elementor-element-f5ed802\" data-id=\"f5ed802\" data-element_type=\"column\">\n\t\t\t<div class=\"elementor-widget-wrap elementor-element-populated\">\n\t\t\t\t\t\t<div class=\"elementor-element elementor-element-e8ecaab elementor-widget elementor-widget-blogmentor_blog_posts\" data-id=\"e8ecaab\" data-element_type=\"widget\" data-widget_type=\"blogmentor_blog_posts.default\">\n\t\t\t\t<div class=\"elementor-widget-container\">\n\t\t\t\t\t\n\t\t\t\t\t<div class=\"upl-main\">\n\t\t<div class=\"upl-container\">\n\t\t\t\t\t\t\t<div class=\"upl-left-section bm_content_box\">\n\t\t\t\t\t\t\t\t<div class=\"bm-post-image clearfix bm-hover-effect bm-hover-effect-opacity\">\n\t\t\t\t\t<div class=\"upl-image\" style=\"background-image: url('https:\/\/pemic.com.co\/wp-content\/uploads\/2021\/07\/Conclusion.png')\"><\/div>\n\t\t\t\t<\/div>\n\t\t\t\t<div class=\"upl-author\"><img src=\"https:\/\/secure.gravatar.com\/avatar\/569de8f208e1881c3b860aef88d3ea4d?s=96&d=mm&r=g\"><\/div>\n\t\t\t\t<div class=\"upl-title bm_title\"><a href=\"https:\/\/pemic.com.co\/?p=1944\" rel=\"bookmark\">\u00bfC\u00f3mo promover una cultura de clasificaci\u00f3n de residuos en la fuente?<\/a><\/div>\t\t\t\t\t<div class=\"upl-excerpt bm_content\"> ART\u00cdCULO EN DESARROLLO.... Con seguridad la principal causa por la cual se recicla tan poco en el pa\u00eds es la carencia de una cultura entorno a la clasificaci\u00f3n de los&hellip; <\/div>\n\t\t\t\t\t\t\t\t\t<div class=\"upl-cat-date bm_meta\">\n\t\t\t\t\t\tHenry | julio 17, 2021 \t\t\t\t\t<\/div>\n\t\t\t\t\t\t\t<\/div>\n\t\t\t\n\t\t\t\t\t\t<div class=\"upl-right-section\">\n\t\t\t\t<div class=\"upl-top bm_content_box\">\n\t\t\t\t\t<div class=\"bm-post-image clearfix bm-hover-effect bm-hover-effect-opacity\">\n\t\t\t\t\t\t<div class=\"upl-image\" style=\"background-image: url('https:\/\/pemic.com.co\/wp-content\/uploads\/2021\/07\/Venta-de-Viviendas-1er-semestre-2.019.png')\"><\/div>\n\t\t\t\t\t<\/div>\n\t\t\t\t\t<div class=\"upl-author\">\n\t\t\t\t\t\t<img src=\"https:\/\/secure.gravatar.com\/avatar\/569de8f208e1881c3b860aef88d3ea4d?s=96&d=mm&r=g\">\n\t\t\t\t\t<\/div>\n\t\t\t\t\t<div class=\"upl-title bm_title\"><a href=\"https:\/\/pemic.com.co\/?p=1925\" rel=\"bookmark\">\u00bfEn qu\u00e9 lugar de un apartamento de menos de 70 metros cuadrados usted ubicar\u00eda un&hellip;<\/a><\/div>\t\t\t\t\t\t<div class=\"upl-excerpt bm_content\"> La C\u00e1mara Colombiana de la Construcci\u00f3n (CAMACOL) present\u00f3 un balance del sector&hellip; <\/div>\n\t\t\t\t\t\t\t\t\t\t\t<div class=\"upl-cat-date bm_meta\">\n\t\t\t\t\t\tHenry | julio 17, 2021 \t\t\t\t\t\t<\/div>\n\t\t\t\t\t\t\t\t\t<\/div>\n\t\t\t\t\t\t\t<div class=\"upl-bottom bm_content_box\">\n\t\t\t\t\t<div class=\"bm-post-image clearfix bm-hover-effect bm-hover-effect-opacity\">\n\t\t\t\t\t\t<div class=\"upl-image\" style=\"background-image: url('https:\/\/pemic.com.co\/wp-content\/uploads\/2021\/07\/Ley-2.png')\"><\/div>\n\t\t\t\t\t<\/div>\n\t\t\t\t\t<div class=\"upl-author\">\n\t\t\t\t\t\t<img src=\"https:\/\/secure.gravatar.com\/avatar\/569de8f208e1881c3b860aef88d3ea4d?s=96&d=mm&r=g\">\n\t\t\t\t\t<\/div>\n\t\t\t\t\t<div class=\"upl-title bm_title\"><a href=\"https:\/\/pemic.com.co\/?p=1941\" rel=\"bookmark\">Decretos que Reglamentan la Clasificaci\u00f3n de los Residuos en la Fuente en Colombia<\/a><\/div>\t\t\t\t\t\t<div class=\"upl-excerpt bm_content\"> El decreto 2981 de 2013 por el cual se reglamenta la prestaci\u00f3n&hellip; <\/div>\n\t\t\t\t\t\t\t\t\t\t\t<div class=\"upl-cat-date bm_meta\">\n\t\t\t\t\t\tHenry | julio 17, 2021 \t\t\t\t\t\t<\/div>\n\t\t\t\t\t\t\t\t\t<\/div>\n\t\t\t\t\t\t<\/div>\n\t\t<\/div>\n\t<\/div>\n\n\t<div class=\"upl-second-section\">\n\t\t\t\t\t<div class=\"upl-second bm_content_box\">\n\t\t\t\t<div class=\"bm-post-image clearfix bm-hover-effect bm-hover-effect-opacity\">\n\t\t\t\t\t<div class=\"upl-image\" style=\"background-image: url('https:\/\/pemic.com.co\/wp-content\/uploads\/2021\/07\/Imagen-Sala-con-Logo-Recortada.png')\"><\/div>\n\t\t\t\t<\/div>\n\t\t\t\t<div class=\"upl-author\">\n\t\t\t\t\t<img src=\"https:\/\/secure.gravatar.com\/avatar\/569de8f208e1881c3b860aef88d3ea4d?s=96&d=mm&r=g\">\n\t\t\t\t<\/div>\n\t\t\t\t<div class=\"upl-title bm_title\"><a href=\"https:\/\/pemic.com.co\/?p=1947\" rel=\"bookmark\">Una alternativa para facilitar y promover la clasificaci\u00f3n de los residuos en la fuente<\/a><\/div>\t\t\t\t\t<div class=\"upl-excerpt bm_content\"> Las reducidas \u00e1reas de los hogares, oficinas y establecimientos modernos dificultan la&hellip; <\/div>\n\t\t\t\t\t\t\t\t\t<div class=\"upl-cat-date bm_meta\">Henry | julio 17, 2021 \t\t\t\t\t<\/div>\n\t\t\t\t\t\t\t<\/div>\n\t\t\t\t\t<div class=\"upl-second bm_content_box\">\n\t\t\t\t<div class=\"bm-post-image clearfix bm-hover-effect bm-hover-effect-opacity\">\n\t\t\t\t\t<div class=\"upl-image\" style=\"background-image: url('https:\/\/pemic.com.co\/wp-content\/uploads\/2021\/07\/Basura-1.jpg')\"><\/div>\n\t\t\t\t<\/div>\n\t\t\t\t<div class=\"upl-author\">\n\t\t\t\t\t<img src=\"https:\/\/secure.gravatar.com\/avatar\/569de8f208e1881c3b860aef88d3ea4d?s=96&d=mm&r=g\">\n\t\t\t\t<\/div>\n\t\t\t\t<div class=\"upl-title bm_title\"><a href=\"https:\/\/pemic.com.co\/?p=1922\" rel=\"bookmark\">\u00bfPor qu\u00e9 se recicla tan poco en Colombia?<\/a><\/div>\t\t\t\t\t<div class=\"upl-excerpt bm_content\"> De acuerdo al Ministerio del Ambiente y Desarrollo Sostenible en Colombia se\u00a0generan&hellip; <\/div>\n\t\t\t\t\t\t\t\t\t<div class=\"upl-cat-date bm_meta\">Henry | julio 16, 2021 \t\t\t\t\t<\/div>\n\t\t\t\t\t\t\t<\/div>\n\t\t\t<\/div>\n\t\t\t<div class=\"bm-pagination pagination_style_2\">\n\t\t\t\t\t\t\t<\/div>\n\t\t\t\t<\/div>\n\t\t\t\t<\/div>\n\t\t\t\t\t<\/div>\n\t\t<\/div>\n\t\t\t\t\t<\/div>\n\t\t<\/section>\n\t\t\t\t<\/div>\n\t\t","protected":false},"excerpt":{"rendered":"<p>\u00bfExiste normativa al respecto? Si existe, por ejemplo, el decreto 349 de 2014, establece que el no disponer separadamente para su recolecci\u00f3n los residuos reciclables de los no reciclables, ocasiona una multa de dos&hellip; Henry | julio 17, 2021 Caracter\u00edsticas de los Puntos Ecol\u00f3gicos Desarrollados Sus canecas han sido distribuidas en una estructura compacta, lo &hellip;<\/p>\n<p class=\"read-more\"> <a class=\"\" href=\"https:\/\/pemic.com.co\/?page_id=1920\"> <span class=\"screen-reader-text\">Blog<\/span> Leer m\u00e1s &raquo;<\/a><\/p>\n","protected":false},"author":2,"featured_media":0,"parent":0,"menu_order":0,"comment_status":"closed","ping_status":"closed","template":"elementor_canvas","meta":{"site-sidebar-layout":"no-sidebar","site-content-layout":"page-builder","ast-global-header-display":"","ast-banner-title-visibility":"","ast-main-header-display":"","ast-hfb-above-header-display":"","ast-hfb-below-header-display":"","ast-hfb-mobile-header-display":"","site-post-title":"disabled","ast-breadcrumbs-content":"","ast-featured-img":"disabled","footer-sml-layout":"","theme-transparent-header-meta":"default","adv-header-id-meta":"","stick-header-meta":"","header-above-stick-meta":"","header-main-stick-meta":"","header-below-stick-meta":""},"yoast_head":"<!-- This site is optimized with the Yoast SEO plugin v20.6 - https:\/\/yoast.com\/wordpress\/plugins\/seo\/ -->\n<title>Blog - pemic.com.co<\/title>\n<meta name=\"robots\" content=\"index, follow, max-snippet:-1, max-image-preview:large, max-video-preview:-1\" \/>\n<link rel=\"canonical\" href=\"https:\/\/pemic.com.co\/?page_id=1920\" \/>\n<meta property=\"og:locale\" content=\"es_ES\" \/>\n<meta property=\"og:type\" content=\"article\" \/>\n<meta property=\"og:title\" content=\"Blog - pemic.com.co\" \/>\n<meta property=\"og:description\" content=\"\u00bfExiste normativa al respecto? Si existe, por ejemplo, el decreto 349 de 2014, establece que el no disponer separadamente para su recolecci\u00f3n los residuos reciclables de los no reciclables, ocasiona una multa de dos&hellip; Henry | julio 17, 2021 Caracter\u00edsticas de los Puntos Ecol\u00f3gicos Desarrollados Sus canecas han sido distribuidas en una estructura compacta, lo &hellip; Blog Leer m\u00e1s &raquo;\" \/>\n<meta property=\"og:url\" content=\"https:\/\/pemic.com.co\/?page_id=1920\" \/>\n<meta property=\"og:site_name\" content=\"pemic.com.co\" \/>\n<meta property=\"article:modified_time\" content=\"2021-07-17T20:28:16+00:00\" \/>\n<meta property=\"og:image\" content=\"https:\/\/secure.gravatar.com\/avatar\/569de8f208e1881c3b860aef88d3ea4d?s=96&d=mm&r=g\" \/>\n<meta name=\"twitter:card\" content=\"summary_large_image\" \/>\n<meta name=\"twitter:label1\" content=\"Tiempo de lectura\" \/>\n\t<meta name=\"twitter:data1\" content=\"1 minuto\" \/>\n<script type=\"application\/ld+json\" class=\"yoast-schema-graph\">{\"@context\":\"https:\/\/schema.org\",\"@graph\":[{\"@type\":\"WebPage\",\"@id\":\"https:\/\/pemic.com.co\/?page_id=1920\",\"url\":\"https:\/\/pemic.com.co\/?page_id=1920\",\"name\":\"Blog - pemic.com.co\",\"isPartOf\":{\"@id\":\"https:\/\/pemic.com.co\/#website\"},\"datePublished\":\"2021-07-16T23:20:13+00:00\",\"dateModified\":\"2021-07-17T20:28:16+00:00\",\"breadcrumb\":{\"@id\":\"https:\/\/pemic.com.co\/?page_id=1920#breadcrumb\"},\"inLanguage\":\"es\",\"potentialAction\":[{\"@type\":\"ReadAction\",\"target\":[\"https:\/\/pemic.com.co\/?page_id=1920\"]}]},{\"@type\":\"BreadcrumbList\",\"@id\":\"https:\/\/pemic.com.co\/?page_id=1920#breadcrumb\",\"itemListElement\":[{\"@type\":\"ListItem\",\"position\":1,\"name\":\"Portada\",\"item\":\"https:\/\/pemic.com.co\/\"},{\"@type\":\"ListItem\",\"position\":2,\"name\":\"Blog\"}]},{\"@type\":\"WebSite\",\"@id\":\"https:\/\/pemic.com.co\/#website\",\"url\":\"https:\/\/pemic.com.co\/\",\"name\":\"pemic.com.co\",\"description\":\"Optimiza tu espacio y contribuye con el medio ambiente.\",\"publisher\":{\"@id\":\"https:\/\/pemic.com.co\/#organization\"},\"potentialAction\":[{\"@type\":\"SearchAction\",\"target\":{\"@type\":\"EntryPoint\",\"urlTemplate\":\"https:\/\/pemic.com.co\/?s={search_term_string}\"},\"query-input\":\"required name=search_term_string\"}],\"inLanguage\":\"es\"},{\"@type\":\"Organization\",\"@id\":\"https:\/\/pemic.com.co\/#organization\",\"name\":\"pemic.com.co\",\"url\":\"https:\/\/pemic.com.co\/\",\"logo\":{\"@type\":\"ImageObject\",\"inLanguage\":\"es\",\"@id\":\"https:\/\/pemic.com.co\/#\/schema\/logo\/image\/\",\"url\":\"https:\/\/pemic.com.co\/wp-content\/uploads\/2022\/08\/cropped-cropped-cropped-LOGO-PEMIC-Borde-Grueso-1.png\",\"contentUrl\":\"https:\/\/pemic.com.co\/wp-content\/uploads\/2022\/08\/cropped-cropped-cropped-LOGO-PEMIC-Borde-Grueso-1.png\",\"width\":1920,\"height\":738,\"caption\":\"pemic.com.co\"},\"image\":{\"@id\":\"https:\/\/pemic.com.co\/#\/schema\/logo\/image\/\"}}]}<\/script>\n<!-- \/ Yoast SEO plugin. -->","yoast_head_json":{"title":"Blog - pemic.com.co","robots":{"index":"index","follow":"follow","max-snippet":"max-snippet:-1","max-image-preview":"max-image-preview:large","max-video-preview":"max-video-preview:-1"},"canonical":"https:\/\/pemic.com.co\/?page_id=1920","og_locale":"es_ES","og_type":"article","og_title":"Blog - pemic.com.co","og_description":"\u00bfExiste normativa al respecto? Si existe, por ejemplo, el decreto 349 de 2014, establece que el no disponer separadamente para su recolecci\u00f3n los residuos reciclables de los no reciclables, ocasiona una multa de dos&hellip; Henry | julio 17, 2021 Caracter\u00edsticas de los Puntos Ecol\u00f3gicos Desarrollados Sus canecas han sido distribuidas en una estructura compacta, lo &hellip; Blog Leer m\u00e1s &raquo;","og_url":"https:\/\/pemic.com.co\/?page_id=1920","og_site_name":"pemic.com.co","article_modified_time":"2021-07-17T20:28:16+00:00","og_image":[{"url":"https:\/\/secure.gravatar.com\/avatar\/569de8f208e1881c3b860aef88d3ea4d?s=96&d=mm&r=g"}],"twitter_card":"summary_large_image","twitter_misc":{"Tiempo de lectura":"1 minuto"},"schema":{"@context":"https:\/\/schema.org","@graph":[{"@type":"WebPage","@id":"https:\/\/pemic.com.co\/?page_id=1920","url":"https:\/\/pemic.com.co\/?page_id=1920","name":"Blog - pemic.com.co","isPartOf":{"@id":"https:\/\/pemic.com.co\/#website"},"datePublished":"2021-07-16T23:20:13+00:00","dateModified":"2021-07-17T20:28:16+00:00","breadcrumb":{"@id":"https:\/\/pemic.com.co\/?page_id=1920#breadcrumb"},"inLanguage":"es","potentialAction":[{"@type":"ReadAction","target":["https:\/\/pemic.com.co\/?page_id=1920"]}]},{"@type":"BreadcrumbList","@id":"https:\/\/pemic.com.co\/?page_id=1920#breadcrumb","itemListElement":[{"@type":"ListItem","position":1,"name":"Portada","item":"https:\/\/pemic.com.co\/"},{"@type":"ListItem","position":2,"name":"Blog"}]},{"@type":"WebSite","@id":"https:\/\/pemic.com.co\/#website","url":"https:\/\/pemic.com.co\/","name":"pemic.com.co","description":"Optimiza tu espacio y contribuye con el medio ambiente.","publisher":{"@id":"https:\/\/pemic.com.co\/#organization"},"potentialAction":[{"@type":"SearchAction","target":{"@type":"EntryPoint","urlTemplate":"https:\/\/pemic.com.co\/?s={search_term_string}"},"query-input":"required name=search_term_string"}],"inLanguage":"es"},{"@type":"Organization","@id":"https:\/\/pemic.com.co\/#organization","name":"pemic.com.co","url":"https:\/\/pemic.com.co\/","logo":{"@type":"ImageObject","inLanguage":"es","@id":"https:\/\/pemic.com.co\/#\/schema\/logo\/image\/","url":"https:\/\/pemic.com.co\/wp-content\/uploads\/2022\/08\/cropped-cropped-cropped-LOGO-PEMIC-Borde-Grueso-1.png","contentUrl":"https:\/\/pemic.com.co\/wp-content\/uploads\/2022\/08\/cropped-cropped-cropped-LOGO-PEMIC-Borde-Grueso-1.png","width":1920,"height":738,"caption":"pemic.com.co"},"image":{"@id":"https:\/\/pemic.com.co\/#\/schema\/logo\/image\/"}}]}},"_links":{"self":[{"href":"https:\/\/pemic.com.co\/index.php?rest_route=\/wp\/v2\/pages\/1920"}],"collection":[{"href":"https:\/\/pemic.com.co\/index.php?rest_route=\/wp\/v2\/pages"}],"about":[{"href":"https:\/\/pemic.com.co\/index.php?rest_route=\/wp\/v2\/types\/page"}],"author":[{"embeddable":true,"href":"https:\/\/pemic.com.co\/index.php?rest_route=\/wp\/v2\/users\/2"}],"replies":[{"embeddable":true,"href":"https:\/\/pemic.com.co\/index.php?rest_route=%2Fwp%2Fv2%2Fcomments&post=1920"}],"version-history":[{"count":20,"href":"https:\/\/pemic.com.co\/index.php?rest_route=\/wp\/v2\/pages\/1920\/revisions"}],"predecessor-version":[{"id":2852,"href":"https:\/\/pemic.com.co\/index.php?rest_route=\/wp\/v2\/pages\/1920\/revisions\/2852"}],"wp:attachment":[{"href":"https:\/\/pemic.com.co\/index.php?rest_route=%2Fwp%2Fv2%2Fmedia&parent=1920"}],"curies":[{"name":"wp","href":"https:\/\/api.w.org\/{rel}","templated":true}]}}